{"articles":[{"classes":["outercol"],"isFavourite":false,"isExternalUrl":{"articleLink":false},"articleListButtonsData":{"buttonsList":[{"label":"Les mer","url":"\/naeringslivet\/?Article=679","type":"readmore"}],"mode":"default"},"favouriteType":null,"mnu":null,"section":null,"displayId":true,"docId":679,"identifier":"679Article","docType":"Article","customDate":false,"teaserData":{"teaserText":"","mode":"default"},"content":{"teaser":"","intro":"Victoria Nesbak er utdannet hudterapeut og startet opp bedriften sin i Misv\u00e6r i november 2022. "},"titles":{"main":"Hudpleie by Victoria","readMoreButton":"Les mer"},"urls":{"readMore":"\/naeringslivet\/?Article=679","booking":null},"created":{"date":"22.11.2022","time":"11:21","timestamp":1669112460},"introAllowHtml":false,"hasTicket":false,"extra":null,"hasReadMore":true,"media":{"imageData":{"path":"\/sites\/k\/kulturveien.no\/files\/victoria_1.jpg","width":1512,"height":2016,"aspectRatio":0.75},"previewImageUrl":"\/sites\/k\/kulturveien.no\/files\/victoria_1.jpg?cropToFit=100x59&quality=50","imageVariants":[{"path":"\/sites\/k\/kulturveien.no\/files\/victoria_1.jpg?cropToFit=100x59&quality=75","width":100,"height":59,"aspectRatio":1.694915254237288},{"path":"\/sites\/k\/kulturveien.no\/files\/victoria_1.jpg?cropToFit=200x118&quality=75","width":200,"height":118,"aspectRatio":1.694915254237288},{"path":"\/sites\/k\/kulturveien.no\/files\/victoria_1.jpg?cropToFit=400x235&quality=75","width":400,"height":235,"aspectRatio":1.702127659574468},{"path":"\/sites\/k\/kulturveien.no\/files\/victoria_1.jpg?cropToFit=600x353&quality=75","width":600,"height":353,"aspectRatio":1.6997167138810199},{"path":"\/sites\/k\/kulturveien.no\/files\/victoria_1.jpg?cropToFit=800x471&quality=75","width":800,"height":471,"aspectRatio":1.6985138004246285},{"path":"\/sites\/k\/kulturveien.no\/files\/victoria_1.jpg?cropToFit=1000x588&quality=75","width":1000,"height":588,"aspectRatio":1.7006802721088434},{"path":"\/sites\/k\/kulturveien.no\/files\/victoria_1.jpg?cropToFit=1200x706&quality=75","width":1200,"height":706,"aspectRatio":1.6997167138810199}],"image":"\/sites\/k\/kulturveien.no\/files\/victoria_1.jpg","aspect":1.694915254237288,"type":"image","description":null},"additionalData":[]},{"classes":["outercol"],"isFavourite":false,"isExternalUrl":{"articleLink":false},"articleListButtonsData":{"buttonsList":[{"label":"Les mer","url":"\/naeringslivet\/?Article=367","type":"readmore"}],"mode":"default"},"favouriteType":null,"mnu":null,"section":null,"displayId":true,"docId":367,"identifier":"367Article","docType":"Article","customDate":false,"teaserData":{"teaserText":"","mode":"default"},"content":{"teaser":"","intro":"Bopro avdeling Skjerstad tilbyr vaktmestertjenester, salg av ved og vaskeri."},"titles":{"main":"Bopro AS","readMoreButton":"Les mer"},"urls":{"readMore":"\/naeringslivet\/?Article=367","booking":null},"created":{"date":"02.02.2022","time":"10:22","timestamp":1643793720},"introAllowHtml":false,"hasTicket":false,"extra":null,"hasReadMore":true,"media":{"imageData":{"path":"\/sites\/k\/kulturveien.no\/files\/bopro_avdeling_skjerstad.jpg","width":1510,"height":851,"aspectRatio":1.7743830787309047},"previewImageUrl":"\/sites\/k\/kulturveien.no\/files\/bopro_avdeling_skjerstad.jpg?cropToFit=100x59&quality=50","imageVariants":[{"path":"\/sites\/k\/kulturveien.no\/files\/bopro_avdeling_skjerstad.jpg?cropToFit=100x59&quality=75","width":100,"height":59,"aspectRatio":1.694915254237288},{"path":"\/sites\/k\/kulturveien.no\/files\/bopro_avdeling_skjerstad.jpg?cropToFit=200x118&quality=75","width":200,"height":118,"aspectRatio":1.694915254237288},{"path":"\/sites\/k\/kulturveien.no\/files\/bopro_avdeling_skjerstad.jpg?cropToFit=400x235&quality=75","width":400,"height":235,"aspectRatio":1.702127659574468},{"path":"\/sites\/k\/kulturveien.no\/files\/bopro_avdeling_skjerstad.jpg?cropToFit=600x353&quality=75","width":600,"height":353,"aspectRatio":1.6997167138810199},{"path":"\/sites\/k\/kulturveien.no\/files\/bopro_avdeling_skjerstad.jpg?cropToFit=800x471&quality=75","width":800,"height":471,"aspectRatio":1.6985138004246285},{"path":"\/sites\/k\/kulturveien.no\/files\/bopro_avdeling_skjerstad.jpg?cropToFit=1000x588&quality=75","width":1000,"height":588,"aspectRatio":1.7006802721088434},{"path":"\/sites\/k\/kulturveien.no\/files\/bopro_avdeling_skjerstad.jpg?cropToFit=1200x706&quality=75","width":1200,"height":706,"aspectRatio":1.6997167138810199}],"image":"\/sites\/k\/kulturveien.no\/files\/bopro_avdeling_skjerstad.jpg","aspect":1.694915254237288,"type":"image","description":null},"additionalData":[]},{"classes":["outercol"],"isFavourite":false,"isExternalUrl":{"articleLink":false},"articleListButtonsData":{"buttonsList":[],"mode":"default"},"favouriteType":null,"mnu":null,"section":null,"displayId":true,"docId":349,"identifier":"349Article","docType":"Article","customDate":false,"teaserData":{"teaserText":"","mode":"default"},"content":{"teaser":"","intro":""},"titles":{"main":"Misv\u00e6rgeitas Delikatesser","readMoreButton":""},"urls":{"readMore":null,"booking":null},"created":{"date":"22.11.2021","time":"11:16","timestamp":1637576160},"introAllowHtml":false,"hasTicket":false,"extra":null,"hasReadMore":false,"media":{"imageData":{"path":"\/sites\/k\/kulturveien.no\/files\/logo_misv__rgeitas_delikatesser.jpg","width":681,"height":443,"aspectRatio":1.5372460496613995},"previewImageUrl":"\/sites\/k\/kulturveien.no\/files\/logo_misv__rgeitas_delikatesser.jpg?cropToFit=100x59&quality=50","imageVariants":[{"path":"\/sites\/k\/kulturveien.no\/files\/logo_misv__rgeitas_delikatesser.jpg?cropToFit=100x59&quality=75","width":100,"height":59,"aspectRatio":1.694915254237288},{"path":"\/sites\/k\/kulturveien.no\/files\/logo_misv__rgeitas_delikatesser.jpg?cropToFit=200x118&quality=75","width":200,"height":118,"aspectRatio":1.694915254237288},{"path":"\/sites\/k\/kulturveien.no\/files\/logo_misv__rgeitas_delikatesser.jpg?cropToFit=400x235&quality=75","width":400,"height":235,"aspectRatio":1.702127659574468},{"path":"\/sites\/k\/kulturveien.no\/files\/logo_misv__rgeitas_delikatesser.jpg?cropToFit=600x353&quality=75","width":600,"height":353,"aspectRatio":1.6997167138810199},{"path":"\/sites\/k\/kulturveien.no\/files\/logo_misv__rgeitas_delikatesser.jpg?cropToFit=800x471&quality=75","width":681,"height":401,"aspectRatio":1.6982543640897756},{"path":"\/sites\/k\/kulturveien.no\/files\/logo_misv__rgeitas_delikatesser.jpg?cropToFit=1000x588&quality=75","width":681,"height":400,"aspectRatio":1.7025},{"path":"\/sites\/k\/kulturveien.no\/files\/logo_misv__rgeitas_delikatesser.jpg?cropToFit=1200x706&quality=75","width":681,"height":401,"aspectRatio":1.6982543640897756}],"image":"\/sites\/k\/kulturveien.no\/files\/logo_misv__rgeitas_delikatesser.jpg","aspect":1.694915254237288,"type":"image","description":null},"additionalData":[]},{"classes":["outercol"],"isFavourite":false,"isExternalUrl":{"articleLink":false},"articleListButtonsData":{"buttonsList":[{"label":"Les mer","url":"\/naeringslivet\/?Article=298","type":"readmore"}],"mode":"default"},"favouriteType":null,"mnu":null,"section":null,"displayId":true,"docId":298,"identifier":"298Article","docType":"Article","customDate":false,"teaserData":{"teaserText":"","mode":"default"},"content":{"teaser":"","intro":"Bj\u00f8rn Petter Sivertsen ville skape mer liv p\u00e5 g\u00e5rden og startet med salg og verksted av kvalitetsprodukter allerede i 1998. "},"titles":{"main":"BPS Service","readMoreButton":"Les mer"},"urls":{"readMore":"\/naeringslivet\/?Article=298","booking":null},"created":{"date":"21.09.2021","time":"13:02","timestamp":1632222120},"introAllowHtml":false,"hasTicket":false,"extra":null,"hasReadMore":true,"media":{"imageData":{"path":"\/sites\/k\/kulturveien.no\/files\/8_1.jpeg","width":2400,"height":1800,"aspectRatio":1.3333333333333333},"previewImageUrl":"\/sites\/k\/kulturveien.no\/files\/8_1.jpeg?cropToFit=100x59&quality=50","imageVariants":[{"path":"\/sites\/k\/kulturveien.no\/files\/8_1.jpeg?cropToFit=100x59&quality=75","width":100,"height":59,"aspectRatio":1.694915254237288},{"path":"\/sites\/k\/kulturveien.no\/files\/8_1.jpeg?cropToFit=200x118&quality=75","width":200,"height":118,"aspectRatio":1.694915254237288},{"path":"\/sites\/k\/kulturveien.no\/files\/8_1.jpeg?cropToFit=400x235&quality=75","width":400,"height":235,"aspectRatio":1.702127659574468},{"path":"\/sites\/k\/kulturveien.no\/files\/8_1.jpeg?cropToFit=600x353&quality=75","width":600,"height":353,"aspectRatio":1.6997167138810199},{"path":"\/sites\/k\/kulturveien.no\/files\/8_1.jpeg?cropToFit=800x471&quality=75","width":800,"height":471,"aspectRatio":1.6985138004246285},{"path":"\/sites\/k\/kulturveien.no\/files\/8_1.jpeg?cropToFit=1000x588&quality=75","width":1000,"height":588,"aspectRatio":1.7006802721088434},{"path":"\/sites\/k\/kulturveien.no\/files\/8_1.jpeg?cropToFit=1200x706&quality=75","width":1200,"height":706,"aspectRatio":1.6997167138810199}],"image":"\/sites\/k\/kulturveien.no\/files\/8_1.jpeg","aspect":1.694915254237288,"type":"image","description":"Bj\u00f8rn Petter og kona Unni"},"additionalData":[]},{"classes":["outercol"],"isFavourite":false,"isExternalUrl":{"articleLink":false},"articleListButtonsData":{"buttonsList":[{"label":"Les mer","url":"\/naeringslivet\/?Article=281","type":"readmore"}],"mode":"default"},"favouriteType":null,"mnu":null,"section":null,"displayId":true,"docId":281,"identifier":"281Article","docType":"Article","customDate":false,"teaserData":{"teaserText":"","mode":"default"},"content":{"teaser":"","intro":"Gjennom over 35 \u00e5r har Misv\u00e6r Camping hatt gleden av \u00e5 legge til rette for tusenvis av bes\u00f8kende langs Kulturveien, enten p\u00e5 fastplassbasis eller som sesongturister. \r\n"},"titles":{"main":"Misv\u00e6r camping","readMoreButton":"Les mer"},"urls":{"readMore":"\/naeringslivet\/?Article=281","booking":null},"created":{"date":"15.07.2021","time":"11:10","timestamp":1626340200},"introAllowHtml":false,"hasTicket":false,"extra":null,"hasReadMore":true,"media":{"imageData":{"path":"\/sites\/k\/kulturveien.no\/files\/drone_camping.jpg","width":2500,"height":1665,"aspectRatio":1.5015015015015014},"previewImageUrl":"\/sites\/k\/kulturveien.no\/files\/drone_camping.jpg?cropToFit=100x59&quality=50","imageVariants":[{"path":"\/sites\/k\/kulturveien.no\/files\/drone_camping.jpg?cropToFit=100x59&quality=75","width":100,"height":59,"aspectRatio":1.694915254237288},{"path":"\/sites\/k\/kulturveien.no\/files\/drone_camping.jpg?cropToFit=200x118&quality=75","width":200,"height":118,"aspectRatio":1.694915254237288},{"path":"\/sites\/k\/kulturveien.no\/files\/drone_camping.jpg?cropToFit=400x235&quality=75","width":400,"height":235,"aspectRatio":1.702127659574468},{"path":"\/sites\/k\/kulturveien.no\/files\/drone_camping.jpg?cropToFit=600x353&quality=75","width":600,"height":353,"aspectRatio":1.6997167138810199},{"path":"\/sites\/k\/kulturveien.no\/files\/drone_camping.jpg?cropToFit=800x471&quality=75","width":800,"height":471,"aspectRatio":1.6985138004246285},{"path":"\/sites\/k\/kulturveien.no\/files\/drone_camping.jpg?cropToFit=1000x588&quality=75","width":1000,"height":588,"aspectRatio":1.7006802721088434},{"path":"\/sites\/k\/kulturveien.no\/files\/drone_camping.jpg?cropToFit=1200x706&quality=75","width":1200,"height":706,"aspectRatio":1.6997167138810199}],"image":"\/sites\/k\/kulturveien.no\/files\/drone_camping.jpg","aspect":1.694915254237288,"type":"image","description":null},"additionalData":[]},{"classes":["outercol"],"isFavourite":false,"isExternalUrl":{"articleLink":false},"articleListButtonsData":{"buttonsList":[{"label":"Les mer","url":"\/naeringslivet\/coopmarked","type":"readmore"}],"mode":"default"},"favouriteType":null,"mnu":null,"section":null,"displayId":true,"docId":280,"identifier":"280Article","docType":"Article","customDate":false,"teaserData":{"teaserText":"","mode":"default"},"content":{"teaser":"","intro":"Den lokale Coop Marked butikken er effektiv, positiv og milj\u00f8skapende n\u00e6rbutikk i sentrum av Misv\u00e6r! "},"titles":{"main":"Coop Marked Misv\u00e6r","readMoreButton":"Les mer"},"urls":{"readMore":"\/naeringslivet\/coopmarked","booking":null},"created":{"date":"15.07.2021","time":"09:53","timestamp":1626335580},"introAllowHtml":false,"hasTicket":false,"extra":null,"hasReadMore":true,"media":{"imageData":{"path":"\/sites\/k\/kulturveien.no\/files\/coop_ansatte.jpg","width":537,"height":403,"aspectRatio":1.3325062034739454},"previewImageUrl":"\/sites\/k\/kulturveien.no\/files\/coop_ansatte.jpg?cropToFit=100x59&quality=50","imageVariants":[{"path":"\/sites\/k\/kulturveien.no\/files\/coop_ansatte.jpg?cropToFit=100x59&quality=75","width":100,"height":59,"aspectRatio":1.694915254237288},{"path":"\/sites\/k\/kulturveien.no\/files\/coop_ansatte.jpg?cropToFit=200x118&quality=75","width":200,"height":118,"aspectRatio":1.694915254237288},{"path":"\/sites\/k\/kulturveien.no\/files\/coop_ansatte.jpg?cropToFit=400x235&quality=75","width":400,"height":235,"aspectRatio":1.702127659574468},{"path":"\/sites\/k\/kulturveien.no\/files\/coop_ansatte.jpg?cropToFit=600x353&quality=75","width":537,"height":316,"aspectRatio":1.6993670886075949},{"path":"\/sites\/k\/kulturveien.no\/files\/coop_ansatte.jpg?cropToFit=800x471&quality=75","width":537,"height":316,"aspectRatio":1.6993670886075949},{"path":"\/sites\/k\/kulturveien.no\/files\/coop_ansatte.jpg?cropToFit=1000x588&quality=75","width":537,"height":316,"aspectRatio":1.6993670886075949},{"path":"\/sites\/k\/kulturveien.no\/files\/coop_ansatte.jpg?cropToFit=1200x706&quality=75","width":537,"height":316,"aspectRatio":1.6993670886075949}],"image":"\/sites\/k\/kulturveien.no\/files\/coop_ansatte.jpg","aspect":1.694915254237288,"type":"image","description":null},"additionalData":[]},{"classes":["outercol"],"isFavourite":false,"isExternalUrl":{"articleLink":false},"articleListButtonsData":{"buttonsList":[{"label":"Les mer","url":"\/naeringslivet\/?Article=147","type":"readmore"}],"mode":"default"},"favouriteType":null,"mnu":null,"section":null,"displayId":true,"docId":147,"identifier":"147Article","docType":"Article","customDate":false,"teaserData":{"teaserText":"","mode":"default"},"content":{"teaser":"","intro":"Familiebedrift fra Breivik i Salten som foredler kj\u00f8ttvarer med utgangspunkt i lokal h\u00e5ndverkstradisjon og kvalitet."},"titles":{"main":"Lundal ","readMoreButton":"Les mer"},"urls":{"readMore":"\/naeringslivet\/?Article=147","booking":null},"created":{"date":"04.01.2021","time":"13:16","timestamp":1609762560},"introAllowHtml":false,"hasTicket":false,"extra":null,"hasReadMore":true,"media":{"imageData":{"path":"\/sites\/k\/kulturveien.no\/files\/logo_lundal.jpg","width":1800,"height":1800,"aspectRatio":1},"previewImageUrl":"\/sites\/k\/kulturveien.no\/files\/logo_lundal.jpg?cropToFit=100x59&quality=50","imageVariants":[{"path":"\/sites\/k\/kulturveien.no\/files\/logo_lundal.jpg?cropToFit=100x59&quality=75","width":100,"height":59,"aspectRatio":1.694915254237288},{"path":"\/sites\/k\/kulturveien.no\/files\/logo_lundal.jpg?cropToFit=200x118&quality=75","width":200,"height":118,"aspectRatio":1.694915254237288},{"path":"\/sites\/k\/kulturveien.no\/files\/logo_lundal.jpg?cropToFit=400x235&quality=75","width":400,"height":235,"aspectRatio":1.702127659574468},{"path":"\/sites\/k\/kulturveien.no\/files\/logo_lundal.jpg?cropToFit=600x353&quality=75","width":600,"height":353,"aspectRatio":1.6997167138810199},{"path":"\/sites\/k\/kulturveien.no\/files\/logo_lundal.jpg?cropToFit=800x471&quality=75","width":800,"height":471,"aspectRatio":1.6985138004246285},{"path":"\/sites\/k\/kulturveien.no\/files\/logo_lundal.jpg?cropToFit=1000x588&quality=75","width":1000,"height":588,"aspectRatio":1.7006802721088434},{"path":"\/sites\/k\/kulturveien.no\/files\/logo_lundal.jpg?cropToFit=1200x706&quality=75","width":1200,"height":706,"aspectRatio":1.6997167138810199}],"image":"\/sites\/k\/kulturveien.no\/files\/logo_lundal.jpg","aspect":1.694915254237288,"type":"image","description":null},"additionalData":[]},{"classes":["outercol"],"isFavourite":false,"isExternalUrl":{"articleLink":false},"articleListButtonsData":{"buttonsList":[{"label":"Les mer","url":"\/naeringslivet\/Guidede-turer-med-elsykkel","type":"readmore"}],"mode":"default"},"favouriteType":null,"mnu":null,"section":null,"displayId":true,"docId":136,"identifier":"136Article","docType":"Article","customDate":false,"teaserData":{"teaserText":"","mode":"default"},"content":{"teaser":"","intro":"B\u00e6rekraftige opplevelser, helsebot for kropp og sjel, historie og naturopplevelser, minner \u00e5 ta vare p\u00e5 \u2013 en guidet sykkeltur i by, p\u00e5 landevei, i skog eller p\u00e5 fjell gir deg det beste av attraksjonene Bod\u00f8 og Kulturveien har \u00e5 by p\u00e5."},"titles":{"main":"Guidede turer med elsykkel","readMoreButton":"Les mer"},"urls":{"readMore":"\/naeringslivet\/Guidede-turer-med-elsykkel","booking":null},"created":{"date":"04.01.2021","time":"13:16","timestamp":1609762560},"introAllowHtml":false,"hasTicket":false,"extra":null,"hasReadMore":true,"media":{"imageData":{"path":"\/sites\/k\/kulturveien.no\/files\/opplev_nord1.jpg","width":2500,"height":775,"aspectRatio":3.225806451612903},"previewImageUrl":"\/sites\/k\/kulturveien.no\/files\/opplev_nord1.jpg?cropToFit=100x59&quality=50","imageVariants":[{"path":"\/sites\/k\/kulturveien.no\/files\/opplev_nord1.jpg?cropToFit=100x59&quality=75","width":100,"height":59,"aspectRatio":1.694915254237288},{"path":"\/sites\/k\/kulturveien.no\/files\/opplev_nord1.jpg?cropToFit=200x118&quality=75","width":200,"height":118,"aspectRatio":1.694915254237288},{"path":"\/sites\/k\/kulturveien.no\/files\/opplev_nord1.jpg?cropToFit=400x235&quality=75","width":400,"height":235,"aspectRatio":1.702127659574468},{"path":"\/sites\/k\/kulturveien.no\/files\/opplev_nord1.jpg?cropToFit=600x353&quality=75","width":600,"height":353,"aspectRatio":1.6997167138810199},{"path":"\/sites\/k\/kulturveien.no\/files\/opplev_nord1.jpg?cropToFit=800x471&quality=75","width":800,"height":471,"aspectRatio":1.6985138004246285},{"path":"\/sites\/k\/kulturveien.no\/files\/opplev_nord1.jpg?cropToFit=1000x588&quality=75","width":1000,"height":588,"aspectRatio":1.7006802721088434},{"path":"\/sites\/k\/kulturveien.no\/files\/opplev_nord1.jpg?cropToFit=1200x706&quality=75","width":1200,"height":706,"aspectRatio":1.6997167138810199}],"image":"\/sites\/k\/kulturveien.no\/files\/opplev_nord1.jpg","aspect":1.694915254237288,"type":"image","description":"Opplev Nord"},"additionalData":[]},{"classes":["outercol"],"isFavourite":false,"isExternalUrl":{"articleLink":false},"articleListButtonsData":{"buttonsList":[{"label":"Les mer","url":"\/naeringslivet\/?Article=128","type":"readmore"}],"mode":"default"},"favouriteType":null,"mnu":null,"section":null,"displayId":true,"docId":128,"identifier":"128Article","docType":"Article","customDate":false,"teaserData":{"teaserText":"","mode":"default"},"content":{"teaser":"","intro":"Arctic Cabins drives av ekteparet Lorenzo Pirra og Valentina Mariotti fra Italia. "},"titles":{"main":"Arctic cabins - Vestvatn","readMoreButton":"Les mer"},"urls":{"readMore":"\/naeringslivet\/?Article=128","booking":null},"created":{"date":"20.01.2020","time":"13:58","timestamp":1579525080},"introAllowHtml":false,"hasTicket":false,"extra":null,"hasReadMore":true,"media":{"imageData":{"path":"\/sites\/k\/kulturveien.no\/files\/logo_arctic_cabins.png","width":680,"height":680,"aspectRatio":1},"previewImageUrl":"\/sites\/k\/kulturveien.no\/files\/logo_arctic_cabins.png?cropToFit=100x59&quality=50","imageVariants":[{"path":"\/sites\/k\/kulturveien.no\/files\/logo_arctic_cabins.png?cropToFit=100x59&quality=75","width":100,"height":59,"aspectRatio":1.694915254237288},{"path":"\/sites\/k\/kulturveien.no\/files\/logo_arctic_cabins.png?cropToFit=200x118&quality=75","width":200,"height":118,"aspectRatio":1.694915254237288},{"path":"\/sites\/k\/kulturveien.no\/files\/logo_arctic_cabins.png?cropToFit=400x235&quality=75","width":400,"height":235,"aspectRatio":1.702127659574468},{"path":"\/sites\/k\/kulturveien.no\/files\/logo_arctic_cabins.png?cropToFit=600x353&quality=75","width":600,"height":353,"aspectRatio":1.6997167138810199},{"path":"\/sites\/k\/kulturveien.no\/files\/logo_arctic_cabins.png?cropToFit=800x471&quality=75","width":680,"height":400,"aspectRatio":1.7},{"path":"\/sites\/k\/kulturveien.no\/files\/logo_arctic_cabins.png?cropToFit=1000x588&quality=75","width":680,"height":400,"aspectRatio":1.7},{"path":"\/sites\/k\/kulturveien.no\/files\/logo_arctic_cabins.png?cropToFit=1200x706&quality=75","width":680,"height":400,"aspectRatio":1.7}],"image":"\/sites\/k\/kulturveien.no\/files\/logo_arctic_cabins.png","aspect":1.694915254237288,"type":"image","description":null},"additionalData":[]},{"classes":["outercol"],"isFavourite":false,"isExternalUrl":{"articleLink":false},"articleListButtonsData":{"buttonsList":[{"label":"Les mer","url":"\/naeringslivet\/?Article=100","type":"readmore"}],"mode":"default"},"favouriteType":null,"mnu":null,"section":null,"displayId":true,"docId":100,"identifier":"100Article","docType":"Article","customDate":false,"teaserData":{"teaserText":"","mode":"default"},"content":{"teaser":"","intro":""},"titles":{"main":"YX Misv\u00e6r","readMoreButton":"Les mer"},"urls":{"readMore":"\/naeringslivet\/?Article=100","booking":null},"created":{"date":"14.11.2019","time":"11:24","timestamp":1573727040},"introAllowHtml":false,"hasTicket":false,"extra":null,"hasReadMore":true,"media":{"imageData":{"path":"\/sites\/k\/kulturveien.no\/files\/yx.jpg","width":2500,"height":1665,"aspectRatio":1.5015015015015014},"previewImageUrl":"\/sites\/k\/kulturveien.no\/files\/yx.jpg?cropToFit=100x59&quality=50","imageVariants":[{"path":"\/sites\/k\/kulturveien.no\/files\/yx.jpg?cropToFit=100x59&quality=75","width":100,"height":59,"aspectRatio":1.694915254237288},{"path":"\/sites\/k\/kulturveien.no\/files\/yx.jpg?cropToFit=200x118&quality=75","width":200,"height":118,"aspectRatio":1.694915254237288},{"path":"\/sites\/k\/kulturveien.no\/files\/yx.jpg?cropToFit=400x235&quality=75","width":400,"height":235,"aspectRatio":1.702127659574468},{"path":"\/sites\/k\/kulturveien.no\/files\/yx.jpg?cropToFit=600x353&quality=75","width":600,"height":353,"aspectRatio":1.6997167138810199},{"path":"\/sites\/k\/kulturveien.no\/files\/yx.jpg?cropToFit=800x471&quality=75","width":800,"height":471,"aspectRatio":1.6985138004246285},{"path":"\/sites\/k\/kulturveien.no\/files\/yx.jpg?cropToFit=1000x588&quality=75","width":1000,"height":588,"aspectRatio":1.7006802721088434},{"path":"\/sites\/k\/kulturveien.no\/files\/yx.jpg?cropToFit=1200x706&quality=75","width":1200,"height":706,"aspectRatio":1.6997167138810199}],"image":"\/sites\/k\/kulturveien.no\/files\/yx.jpg","aspect":1.694915254237288,"type":"image","description":null},"additionalData":[]},{"classes":["outercol"],"isFavourite":false,"isExternalUrl":{"articleLink":false},"articleListButtonsData":{"buttonsList":[{"label":"Les mer","url":"\/naeringslivet\/?Article=99","type":"readmore"}],"mode":"default"},"favouriteType":null,"mnu":null,"section":null,"displayId":true,"docId":99,"identifier":"99Article","docType":"Article","customDate":false,"teaserData":{"teaserText":"","mode":"default"},"content":{"teaser":"","intro":"Byggmann Nord AS er Misv\u00e6rs lokale snekkerfirma. Firmaet har 7 ansatte snekkere og tilbyr tjenester innen restaurering, oppf\u00f8ring av boliger, tilbygg m.m"},"titles":{"main":"Byggmann Nord","readMoreButton":"Les mer"},"urls":{"readMore":"\/naeringslivet\/?Article=99","booking":null},"created":{"date":"14.11.2019","time":"09:56","timestamp":1573721760},"introAllowHtml":false,"hasTicket":false,"extra":null,"hasReadMore":true,"media":{"imageData":{"path":"\/sites\/k\/kulturveien.no\/files\/snekker.jpg","width":2094,"height":1800,"aspectRatio":1.1633333333333333},"previewImageUrl":"\/sites\/k\/kulturveien.no\/files\/snekker.jpg?cropToFit=100x59&quality=50","imageVariants":[{"path":"\/sites\/k\/kulturveien.no\/files\/snekker.jpg?cropToFit=100x59&quality=75","width":100,"height":59,"aspectRatio":1.694915254237288},{"path":"\/sites\/k\/kulturveien.no\/files\/snekker.jpg?cropToFit=200x118&quality=75","width":200,"height":118,"aspectRatio":1.694915254237288},{"path":"\/sites\/k\/kulturveien.no\/files\/snekker.jpg?cropToFit=400x235&quality=75","width":400,"height":235,"aspectRatio":1.702127659574468},{"path":"\/sites\/k\/kulturveien.no\/files\/snekker.jpg?cropToFit=600x353&quality=75","width":600,"height":353,"aspectRatio":1.6997167138810199},{"path":"\/sites\/k\/kulturveien.no\/files\/snekker.jpg?cropToFit=800x471&quality=75","width":800,"height":471,"aspectRatio":1.6985138004246285},{"path":"\/sites\/k\/kulturveien.no\/files\/snekker.jpg?cropToFit=1000x588&quality=75","width":1000,"height":588,"aspectRatio":1.7006802721088434},{"path":"\/sites\/k\/kulturveien.no\/files\/snekker.jpg?cropToFit=1200x706&quality=75","width":1200,"height":706,"aspectRatio":1.6997167138810199}],"image":"\/sites\/k\/kulturveien.no\/files\/snekker.jpg","aspect":1.694915254237288,"type":"image","description":null},"additionalData":[]},{"classes":["outercol"],"isFavourite":false,"isExternalUrl":{"articleLink":false},"articleListButtonsData":{"buttonsList":[{"label":"Les mer","url":"\/naeringslivet\/?Article=24","type":"readmore"}],"mode":"default"},"favouriteType":null,"mnu":null,"section":null,"displayId":true,"docId":24,"identifier":"24Article","docType":"Article","customDate":false,"teaserData":{"teaserText":"","mode":"default"},"content":{"teaser":"","intro":"I 12 \u00e5r har Anette drevet Amors, en kombinasjon av butikk og kafe. Stedet ligger i hjertet av Misv\u00e6r. "},"titles":{"main":"Amors","readMoreButton":"Les mer"},"urls":{"readMore":"\/naeringslivet\/?Article=24","booking":null},"created":{"date":"30.04.2019","time":"13:03","timestamp":1556622180},"introAllowHtml":false,"hasTicket":false,"extra":null,"hasReadMore":true,"media":{"imageData":{"path":"\/sites\/k\/kulturveien.no\/files\/amors_anette2.jpg","width":1280,"height":853,"aspectRatio":1.5005861664712778},"previewImageUrl":"\/sites\/k\/kulturveien.no\/files\/amors_anette2.jpg?cropToFit=100x59&quality=50","imageVariants":[{"path":"\/sites\/k\/kulturveien.no\/files\/amors_anette2.jpg?cropToFit=100x59&quality=75","width":100,"height":59,"aspectRatio":1.694915254237288},{"path":"\/sites\/k\/kulturveien.no\/files\/amors_anette2.jpg?cropToFit=200x118&quality=75","width":200,"height":118,"aspectRatio":1.694915254237288},{"path":"\/sites\/k\/kulturveien.no\/files\/amors_anette2.jpg?cropToFit=400x235&quality=75","width":400,"height":235,"aspectRatio":1.702127659574468},{"path":"\/sites\/k\/kulturveien.no\/files\/amors_anette2.jpg?cropToFit=600x353&quality=75","width":600,"height":353,"aspectRatio":1.6997167138810199},{"path":"\/sites\/k\/kulturveien.no\/files\/amors_anette2.jpg?cropToFit=800x471&quality=75","width":800,"height":471,"aspectRatio":1.6985138004246285},{"path":"\/sites\/k\/kulturveien.no\/files\/amors_anette2.jpg?cropToFit=1000x588&quality=75","width":1000,"height":588,"aspectRatio":1.7006802721088434},{"path":"\/sites\/k\/kulturveien.no\/files\/amors_anette2.jpg?cropToFit=1200x706&quality=75","width":1200,"height":706,"aspectRatio":1.6997167138810199}],"image":"\/sites\/k\/kulturveien.no\/files\/amors_anette2.jpg","aspect":1.694915254237288,"type":"image","description":null},"additionalData":[]},{"classes":["outercol"],"isFavourite":false,"isExternalUrl":{"articleLink":false},"articleListButtonsData":{"buttonsList":[{"label":"Les mer","url":"\/naeringslivet\/?Article=93","type":"readmore"}],"mode":"default"},"favouriteType":null,"mnu":null,"section":null,"displayId":true,"docId":93,"identifier":"93Article","docType":"Article","customDate":false,"teaserData":{"teaserText":"","mode":"default"},"content":{"teaser":"","intro":"Drives av Vestvatn AS med Misv\u00e6r idrettslag som eier."},"titles":{"main":"Vestvatn Alpinanlegg","readMoreButton":"Les mer"},"urls":{"readMore":"\/naeringslivet\/?Article=93","booking":null},"created":{"date":"07.11.2019","time":"15:41","timestamp":1573137660},"introAllowHtml":false,"hasTicket":false,"extra":null,"hasReadMore":true,"media":{"imageData":{"path":"\/sites\/k\/kulturveien.no\/files\/vestvatn4.jpg","width":2400,"height":1800,"aspectRatio":1.3333333333333333},"previewImageUrl":"\/sites\/k\/kulturveien.no\/files\/vestvatn4.jpg?cropToFit=100x59&quality=50","imageVariants":[{"path":"\/sites\/k\/kulturveien.no\/files\/vestvatn4.jpg?cropToFit=100x59&quality=75","width":100,"height":59,"aspectRatio":1.694915254237288},{"path":"\/sites\/k\/kulturveien.no\/files\/vestvatn4.jpg?cropToFit=200x118&quality=75","width":200,"height":118,"aspectRatio":1.694915254237288},{"path":"\/sites\/k\/kulturveien.no\/files\/vestvatn4.jpg?cropToFit=400x235&quality=75","width":400,"height":235,"aspectRatio":1.702127659574468},{"path":"\/sites\/k\/kulturveien.no\/files\/vestvatn4.jpg?cropToFit=600x353&quality=75","width":600,"height":353,"aspectRatio":1.6997167138810199},{"path":"\/sites\/k\/kulturveien.no\/files\/vestvatn4.jpg?cropToFit=800x471&quality=75","width":800,"height":471,"aspectRatio":1.6985138004246285},{"path":"\/sites\/k\/kulturveien.no\/files\/vestvatn4.jpg?cropToFit=1000x588&quality=75","width":1000,"height":588,"aspectRatio":1.7006802721088434},{"path":"\/sites\/k\/kulturveien.no\/files\/vestvatn4.jpg?cropToFit=1200x706&quality=75","width":1200,"height":706,"aspectRatio":1.6997167138810199}],"image":"\/sites\/k\/kulturveien.no\/files\/vestvatn4.jpg","aspect":1.694915254237288,"type":"image","description":"Vestvatn Alpinanlegg"},"additionalData":[]},{"classes":["outercol"],"isFavourite":false,"isExternalUrl":{"articleLink":false},"articleListButtonsData":{"buttonsList":[{"label":"Les mer","url":"\/naeringslivet\/nordicproductions","type":"readmore"},{"label":"Hjemmeside","url":"https:\/\/nordicproductions.no\/","type":"booking"}],"mode":"default"},"favouriteType":null,"mnu":null,"section":null,"displayId":true,"docId":25,"identifier":"25Article","docType":"Article","customDate":false,"teaserData":{"teaserText":"","mode":"default"},"content":{"teaser":"","intro":"Nordic Productions er et digitalt markedsf\u00f8ring og optimaliserings firma med fokus p\u00e5 e-handsels industrien."},"titles":{"main":"Nordic Productions","readMoreButton":"Les mer"},"urls":{"readMore":"\/naeringslivet\/nordicproductions","booking":"https:\/\/nordicproductions.no\/"},"created":{"date":"30.04.2019","time":"13:03","timestamp":1556622180},"introAllowHtml":false,"hasTicket":false,"extra":null,"hasReadMore":true,"media":{"imageData":{"path":"\/sites\/k\/kulturveien.no\/files\/joernotto.jpg","width":800,"height":800,"aspectRatio":1},"previewImageUrl":"\/sites\/k\/kulturveien.no\/files\/joernotto.jpg?cropToFit=100x59&quality=50","imageVariants":[{"path":"\/sites\/k\/kulturveien.no\/files\/joernotto.jpg?cropToFit=100x59&quality=75","width":100,"height":59,"aspectRatio":1.694915254237288},{"path":"\/sites\/k\/kulturveien.no\/files\/joernotto.jpg?cropToFit=200x118&quality=75","width":200,"height":118,"aspectRatio":1.694915254237288},{"path":"\/sites\/k\/kulturveien.no\/files\/joernotto.jpg?cropToFit=400x235&quality=75","width":400,"height":235,"aspectRatio":1.702127659574468},{"path":"\/sites\/k\/kulturveien.no\/files\/joernotto.jpg?cropToFit=600x353&quality=75","width":600,"height":353,"aspectRatio":1.6997167138810199},{"path":"\/sites\/k\/kulturveien.no\/files\/joernotto.jpg?cropToFit=800x471&quality=75","width":800,"height":471,"aspectRatio":1.6985138004246285},{"path":"\/sites\/k\/kulturveien.no\/files\/joernotto.jpg?cropToFit=1000x588&quality=75","width":800,"height":470,"aspectRatio":1.702127659574468},{"path":"\/sites\/k\/kulturveien.no\/files\/joernotto.jpg?cropToFit=1200x706&quality=75","width":800,"height":471,"aspectRatio":1.6985138004246285}],"image":"\/sites\/k\/kulturveien.no\/files\/joernotto.jpg","aspect":1.694915254237288,"type":"image","description":null},"additionalData":[]},{"classes":["outercol"],"isFavourite":false,"isExternalUrl":{"articleLink":false},"articleListButtonsData":{"buttonsList":[{"label":"Les mer","url":"\/naeringslivet\/?Article=26","type":"readmore"}],"mode":"default"},"favouriteType":null,"mnu":null,"section":null,"displayId":true,"docId":26,"identifier":"26Article","docType":"Article","customDate":false,"teaserData":{"teaserText":"","mode":"default"},"content":{"teaser":"","intro":""},"titles":{"main":"Bakeverkstedet Salten","readMoreButton":"Les mer"},"urls":{"readMore":"\/naeringslivet\/?Article=26","booking":null},"created":{"date":"30.04.2019","time":"13:03","timestamp":1556622180},"introAllowHtml":false,"hasTicket":false,"extra":null,"hasReadMore":true,"media":{"imageData":{"path":"\/sites\/k\/kulturveien.no\/files\/img_9890_2.jpg","width":1200,"height":1800,"aspectRatio":0.6666666666666666},"previewImageUrl":"\/sites\/k\/kulturveien.no\/files\/img_9890_2.jpg?cropToFit=100x59&quality=50","imageVariants":[{"path":"\/sites\/k\/kulturveien.no\/files\/img_9890_2.jpg?cropToFit=100x59&quality=75","width":100,"height":59,"aspectRatio":1.694915254237288},{"path":"\/sites\/k\/kulturveien.no\/files\/img_9890_2.jpg?cropToFit=200x118&quality=75","width":200,"height":118,"aspectRatio":1.694915254237288},{"path":"\/sites\/k\/kulturveien.no\/files\/img_9890_2.jpg?cropToFit=400x235&quality=75","width":400,"height":235,"aspectRatio":1.702127659574468},{"path":"\/sites\/k\/kulturveien.no\/files\/img_9890_2.jpg?cropToFit=600x353&quality=75","width":600,"height":353,"aspectRatio":1.6997167138810199},{"path":"\/sites\/k\/kulturveien.no\/files\/img_9890_2.jpg?cropToFit=800x471&quality=75","width":800,"height":471,"aspectRatio":1.6985138004246285},{"path":"\/sites\/k\/kulturveien.no\/files\/img_9890_2.jpg?cropToFit=1000x588&quality=75","width":1000,"height":588,"aspectRatio":1.7006802721088434},{"path":"\/sites\/k\/kulturveien.no\/files\/img_9890_2.jpg?cropToFit=1200x706&quality=75","width":1200,"height":706,"aspectRatio":1.6997167138810199}],"image":"\/sites\/k\/kulturveien.no\/files\/img_9890_2.jpg","aspect":1.694915254237288,"type":"image","description":"Bakeverkstedet Salten"},"additionalData":[]},{"classes":["outercol"],"isFavourite":false,"isExternalUrl":{"articleLink":false},"articleListButtonsData":{"buttonsList":[{"label":"Les mer","url":"\/naeringslivet\/Arctic-Hydrographics","type":"readmore"}],"mode":"default"},"favouriteType":null,"mnu":null,"section":null,"displayId":true,"docId":23,"identifier":"23Article","docType":"Article","customDate":false,"teaserData":{"teaserText":"","mode":"default"},"content":{"teaser":"","intro":"Arctic Hydrographics er en bedrift i Misv\u00e6r som tilbyr lakkering, ceramisk coating av deler og v\u00e5pen, samt hydrographics printing."},"titles":{"main":"Arctic Hydrographics","readMoreButton":"Les mer"},"urls":{"readMore":"\/naeringslivet\/Arctic-Hydrographics","booking":null},"created":{"date":"30.04.2019","time":"13:02","timestamp":1556622120},"introAllowHtml":false,"hasTicket":false,"extra":null,"hasReadMore":true,"media":{"imageData":{"path":"\/sites\/k\/kulturveien.no\/files\/arctic_hydrographics.jpg","width":800,"height":800,"aspectRatio":1},"previewImageUrl":"\/sites\/k\/kulturveien.no\/files\/arctic_hydrographics.jpg?cropToFit=100x59&quality=50","imageVariants":[{"path":"\/sites\/k\/kulturveien.no\/files\/arctic_hydrographics.jpg?cropToFit=100x59&quality=75","width":100,"height":59,"aspectRatio":1.694915254237288},{"path":"\/sites\/k\/kulturveien.no\/files\/arctic_hydrographics.jpg?cropToFit=200x118&quality=75","width":200,"height":118,"aspectRatio":1.694915254237288},{"path":"\/sites\/k\/kulturveien.no\/files\/arctic_hydrographics.jpg?cropToFit=400x235&quality=75","width":400,"height":235,"aspectRatio":1.702127659574468},{"path":"\/sites\/k\/kulturveien.no\/files\/arctic_hydrographics.jpg?cropToFit=600x353&quality=75","width":600,"height":353,"aspectRatio":1.6997167138810199},{"path":"\/sites\/k\/kulturveien.no\/files\/arctic_hydrographics.jpg?cropToFit=800x471&quality=75","width":800,"height":471,"aspectRatio":1.6985138004246285},{"path":"\/sites\/k\/kulturveien.no\/files\/arctic_hydrographics.jpg?cropToFit=1000x588&quality=75","width":800,"height":470,"aspectRatio":1.702127659574468},{"path":"\/sites\/k\/kulturveien.no\/files\/arctic_hydrographics.jpg?cropToFit=1200x706&quality=75","width":800,"height":471,"aspectRatio":1.6985138004246285}],"image":"\/sites\/k\/kulturveien.no\/files\/arctic_hydrographics.jpg","aspect":1.694915254237288,"type":"image","description":null},"additionalData":[]},{"classes":["outercol"],"isFavourite":false,"isExternalUrl":{"articleLink":false},"articleListButtonsData":{"buttonsList":[{"label":"Les mer","url":"\/naeringslivet\/?Article=96","type":"readmore"}],"mode":"default"},"favouriteType":null,"mnu":null,"section":null,"displayId":true,"docId":96,"identifier":"96Article","docType":"Article","customDate":false,"teaserData":{"teaserText":"","mode":"default"},"content":{"teaser":"","intro":"Finnvali naturpark er et friluftsomr\u00e5de spesielt tilrettelagt for barnefamilier p\u00e5 dagsbes\u00f8k. "},"titles":{"main":"Finnvali naturpark","readMoreButton":"Les mer"},"urls":{"readMore":"\/naeringslivet\/?Article=96","booking":null},"created":{"date":"11.11.2019","time":"14:19","timestamp":1573478340},"introAllowHtml":false,"hasTicket":false,"extra":null,"hasReadMore":true,"media":{"imageData":{"path":"\/sites\/k\/kulturveien.no\/files\/finnvali_3.jpg","width":960,"height":720,"aspectRatio":1.3333333333333333},"previewImageUrl":"\/sites\/k\/kulturveien.no\/files\/finnvali_3.jpg?cropToFit=100x59&quality=50","imageVariants":[{"path":"\/sites\/k\/kulturveien.no\/files\/finnvali_3.jpg?cropToFit=100x59&quality=75","width":100,"height":59,"aspectRatio":1.694915254237288},{"path":"\/sites\/k\/kulturveien.no\/files\/finnvali_3.jpg?cropToFit=200x118&quality=75","width":200,"height":118,"aspectRatio":1.694915254237288},{"path":"\/sites\/k\/kulturveien.no\/files\/finnvali_3.jpg?cropToFit=400x235&quality=75","width":400,"height":235,"aspectRatio":1.702127659574468},{"path":"\/sites\/k\/kulturveien.no\/files\/finnvali_3.jpg?cropToFit=600x353&quality=75","width":600,"height":353,"aspectRatio":1.6997167138810199},{"path":"\/sites\/k\/kulturveien.no\/files\/finnvali_3.jpg?cropToFit=800x471&quality=75","width":800,"height":471,"aspectRatio":1.6985138004246285},{"path":"\/sites\/k\/kulturveien.no\/files\/finnvali_3.jpg?cropToFit=1000x588&quality=75","width":960,"height":564,"aspectRatio":1.702127659574468},{"path":"\/sites\/k\/kulturveien.no\/files\/finnvali_3.jpg?cropToFit=1200x706&quality=75","width":960,"height":565,"aspectRatio":1.6991150442477876}],"image":"\/sites\/k\/kulturveien.no\/files\/finnvali_3.jpg","aspect":1.694915254237288,"type":"image","description":null},"additionalData":[]},{"classes":["outercol"],"isFavourite":false,"isExternalUrl":{"articleLink":false},"articleListButtonsData":{"buttonsList":[{"label":"Les mer","url":"\/naeringslivet\/?Article=97","type":"readmore"}],"mode":"default"},"favouriteType":null,"mnu":null,"section":null,"displayId":true,"docId":97,"identifier":"97Article","docType":"Article","customDate":false,"teaserData":{"teaserText":"","mode":"default"},"content":{"teaser":"","intro":"Lystgaard og Skr\u00e5planet drives av Sissel og Even H\u00f8gseth. "},"titles":{"main":"Lystgaard og Skr\u00e5planet","readMoreButton":"Les mer"},"urls":{"readMore":"\/naeringslivet\/?Article=97","booking":null},"created":{"date":"11.11.2019","time":"14:24","timestamp":1573478640},"introAllowHtml":false,"hasTicket":false,"extra":null,"hasReadMore":true,"media":{"imageData":{"path":"\/sites\/k\/kulturveien.no\/files\/8_4-3.jpg","width":1200,"height":1200,"aspectRatio":1},"previewImageUrl":"\/sites\/k\/kulturveien.no\/files\/8_4-3.jpg?cropToFit=100x59&quality=50","imageVariants":[{"path":"\/sites\/k\/kulturveien.no\/files\/8_4-3.jpg?cropToFit=100x59&quality=75","width":100,"height":59,"aspectRatio":1.694915254237288},{"path":"\/sites\/k\/kulturveien.no\/files\/8_4-3.jpg?cropToFit=200x118&quality=75","width":200,"height":118,"aspectRatio":1.694915254237288},{"path":"\/sites\/k\/kulturveien.no\/files\/8_4-3.jpg?cropToFit=400x235&quality=75","width":400,"height":235,"aspectRatio":1.702127659574468},{"path":"\/sites\/k\/kulturveien.no\/files\/8_4-3.jpg?cropToFit=600x353&quality=75","width":600,"height":353,"aspectRatio":1.6997167138810199},{"path":"\/sites\/k\/kulturveien.no\/files\/8_4-3.jpg?cropToFit=800x471&quality=75","width":800,"height":471,"aspectRatio":1.6985138004246285},{"path":"\/sites\/k\/kulturveien.no\/files\/8_4-3.jpg?cropToFit=1000x588&quality=75","width":1000,"height":588,"aspectRatio":1.7006802721088434},{"path":"\/sites\/k\/kulturveien.no\/files\/8_4-3.jpg?cropToFit=1200x706&quality=75","width":1200,"height":706,"aspectRatio":1.6997167138810199}],"image":"\/sites\/k\/kulturveien.no\/files\/8_4-3.jpg","aspect":1.694915254237288,"type":"image","description":null},"additionalData":[]},{"classes":["outercol"],"isFavourite":false,"isExternalUrl":{"articleLink":false},"articleListButtonsData":{"buttonsList":[{"label":"Les mer","url":"\/naeringslivet\/?Article=94","type":"readmore"}],"mode":"default"},"favouriteType":null,"mnu":null,"section":null,"displayId":true,"docId":94,"identifier":"94Article","docType":"Article","customDate":false,"teaserData":{"teaserText":"","mode":"default"},"content":{"teaser":"","intro":""},"titles":{"main":"Villhjerte","readMoreButton":"Les mer"},"urls":{"readMore":"\/naeringslivet\/?Article=94","booking":null},"created":{"date":"08.11.2019","time":"10:32","timestamp":1573205520},"introAllowHtml":false,"hasTicket":false,"extra":null,"hasReadMore":true,"media":{"imageData":{"path":"\/sites\/k\/kulturveien.no\/files\/villhjerte_logo.jpg","width":522,"height":522,"aspectRatio":1},"previewImageUrl":"\/sites\/k\/kulturveien.no\/files\/villhjerte_logo.jpg?cropToFit=100x59&quality=50","imageVariants":[{"path":"\/sites\/k\/kulturveien.no\/files\/villhjerte_logo.jpg?cropToFit=100x59&quality=75","width":100,"height":59,"aspectRatio":1.694915254237288},{"path":"\/sites\/k\/kulturveien.no\/files\/villhjerte_logo.jpg?cropToFit=200x118&quality=75","width":200,"height":118,"aspectRatio":1.694915254237288},{"path":"\/sites\/k\/kulturveien.no\/files\/villhjerte_logo.jpg?cropToFit=400x235&quality=75","width":400,"height":235,"aspectRatio":1.702127659574468},{"path":"\/sites\/k\/kulturveien.no\/files\/villhjerte_logo.jpg?cropToFit=600x353&quality=75","width":522,"height":307,"aspectRatio":1.700325732899023},{"path":"\/sites\/k\/kulturveien.no\/files\/villhjerte_logo.jpg?cropToFit=800x471&quality=75","width":522,"height":307,"aspectRatio":1.700325732899023},{"path":"\/sites\/k\/kulturveien.no\/files\/villhjerte_logo.jpg?cropToFit=1000x588&quality=75","width":522,"height":307,"aspectRatio":1.700325732899023},{"path":"\/sites\/k\/kulturveien.no\/files\/villhjerte_logo.jpg?cropToFit=1200x706&quality=75","width":522,"height":307,"aspectRatio":1.700325732899023}],"image":"\/sites\/k\/kulturveien.no\/files\/villhjerte_logo.jpg","aspect":1.694915254237288,"type":"image","description":null},"additionalData":[]}],"pages":[1],"currentPage":1,"sections":[]}